{"id":29803,"date":"2020-08-17T16:30:57","date_gmt":"2020-08-17T16:30:57","guid":{"rendered":"https:\/\/cead.ualg.pt\/site\/?page_id=29803"},"modified":"2022-06-03T14:01:45","modified_gmt":"2022-06-03T14:01:45","slug":"investigadores-convidados","status":"publish","type":"page","link":"https:\/\/cead.ualg.pt\/site\/en\/investigadores-convidados\/","title":{"rendered":"Visiting researchers"},"content":{"rendered":"<div data-elementor-type=\"wp-page\" data-elementor-id=\"29803\" class=\"elementor elementor-29803\" data-elementor-post-type=\"page\">\n\t\t\t\t\t\t<section class=\"elementor-section elementor-top-section elementor-element elementor-element-56f504d8 elementor-section-boxed elementor-section-height-default elementor-section-height-default neuron-fixed-no\" data-id=\"56f504d8\" data-element_type=\"section\" data-e-type=\"section\">\n\t\t\t\t\t\t<div class=\"elementor-container elementor-column-gap-default\">\n\t\t\t\t\t<div class=\"elementor-column elementor-col-100 elementor-top-column elementor-element elementor-element-5b9c363f\" data-id=\"5b9c363f\" data-element_type=\"column\" data-e-type=\"column\">\n\t\t\t<div class=\"elementor-widget-wrap elementor-element-populated\">\n\t\t\t\t\t\t<div class=\"elementor-element elementor-element-1abcafed elementor-widget elementor-widget-heading\" data-id=\"1abcafed\" data-element_type=\"widget\" data-e-type=\"widget\" data-widget_type=\"heading.default\">\n\t\t\t\t<div class=\"elementor-widget-container\">\n\t\t\t\t\t<h2 class=\"elementor-heading-title elementor-size-default\"><a href=\"https:\/\/cead.ualg.pt\/site\/en\/investigadores-indice\/\">&lt; investigadores<\/a><\/h2>\t\t\t\t<\/div>\n\t\t\t\t<\/div>\n\t\t\t\t\t<\/div>\n\t\t<\/div>\n\t\t\t\t\t<\/div>\n\t\t<\/section>\n\t\t\t\t<section class=\"elementor-section elementor-top-section elementor-element elementor-element-b657815 elementor-section-boxed elementor-section-height-default elementor-section-height-default neuron-fixed-no\" data-id=\"b657815\" data-element_type=\"section\" data-e-type=\"section\">\n\t\t\t\t\t\t<div class=\"elementor-container elementor-column-gap-default\">\n\t\t\t\t\t<div class=\"elementor-column elementor-col-100 elementor-top-column elementor-element elementor-element-fd7a391\" data-id=\"fd7a391\" data-element_type=\"column\" data-e-type=\"column\">\n\t\t\t<div class=\"elementor-widget-wrap elementor-element-populated\">\n\t\t\t\t\t\t<div class=\"elementor-element elementor-element-f100a24 elementor-widget elementor-widget-heading\" data-id=\"f100a24\" data-element_type=\"widget\" data-e-type=\"widget\" data-widget_type=\"heading.default\">\n\t\t\t\t<div class=\"elementor-widget-container\">\n\t\t\t\t\t<h2 class=\"elementor-heading-title elementor-size-default\"><a href=\"https:\/\/cead.ualg.pt\/site\/en\/investigadores-indice\/\">visiting researchers<\/a><\/h2>\t\t\t\t<\/div>\n\t\t\t\t<\/div>\n\t\t\t\t\t<\/div>\n\t\t<\/div>\n\t\t\t\t\t<\/div>\n\t\t<\/section>\n\t\t\t\t<section class=\"elementor-section elementor-top-section elementor-element elementor-element-fae8fe4 elementor-section-content-bottom elementor-section-boxed elementor-section-height-default elementor-section-height-default neuron-fixed-no\" data-id=\"fae8fe4\" data-element_type=\"section\" data-e-type=\"section\">\n\t\t\t\t\t\t<div class=\"elementor-container elementor-column-gap-default\">\n\t\t\t\t\t<div class=\"elementor-column elementor-col-33 elementor-top-column elementor-element elementor-element-a1949d4\" data-id=\"a1949d4\" data-element_type=\"column\" data-e-type=\"column\">\n\t\t\t<div class=\"elementor-widget-wrap elementor-element-populated\">\n\t\t\t\t\t\t<div class=\"elementor-element elementor-element-bfc87de elementor-widget elementor-widget-image\" data-id=\"bfc87de\" data-element_type=\"widget\" data-e-type=\"widget\" data-widget_type=\"image.default\">\n\t\t\t\t<div class=\"elementor-widget-container\">\n\t\t\t\t\t\t\t\t\t\t\t\t\t\t\t<img decoding=\"async\" width=\"150\" height=\"150\" src=\"https:\/\/cead.ualg.pt\/site\/wp-content\/uploads\/sites\/4\/2020\/11\/PB_CharlitonMachado-150x150.jpg\" class=\"attachment-thumbnail size-thumbnail wp-image-30474\" alt=\"\" srcset=\"https:\/\/cead.ualg.pt\/site\/wp-content\/uploads\/sites\/4\/2020\/11\/PB_CharlitonMachado-150x150.jpg 150w, https:\/\/cead.ualg.pt\/site\/wp-content\/uploads\/sites\/4\/2020\/11\/PB_CharlitonMachado-300x300.jpg 300w, https:\/\/cead.ualg.pt\/site\/wp-content\/uploads\/sites\/4\/2020\/11\/PB_CharlitonMachado-500x500.jpg 500w, https:\/\/cead.ualg.pt\/site\/wp-content\/uploads\/sites\/4\/2020\/11\/PB_CharlitonMachado.jpg 567w\" sizes=\"(max-width: 150px) 100vw, 150px\" \/>\t\t\t\t\t\t\t\t\t\t\t\t\t\t\t<\/div>\n\t\t\t\t<\/div>\n\t\t\t\t<section class=\"elementor-section elementor-inner-section elementor-element elementor-element-7c8a53d elementor-section-content-bottom elementor-section-boxed elementor-section-height-default elementor-section-height-default neuron-fixed-no\" data-id=\"7c8a53d\" data-element_type=\"section\" data-e-type=\"section\">\n\t\t\t\t\t\t<div class=\"elementor-container elementor-column-gap-no\">\n\t\t\t\t\t<div class=\"elementor-column elementor-col-100 elementor-inner-column elementor-element elementor-element-c59c920\" data-id=\"c59c920\" data-element_type=\"column\" data-e-type=\"column\">\n\t\t\t<div class=\"elementor-widget-wrap elementor-element-populated\">\n\t\t\t\t\t\t<div class=\"elementor-element elementor-element-55b63f2 elementor-widget elementor-widget-text-editor\" data-id=\"55b63f2\" data-element_type=\"widget\" data-e-type=\"widget\" data-widget_type=\"text-editor.default\">\n\t\t\t\t<div class=\"elementor-widget-container\">\n\t\t\t\t\t\t\t\t\t<p><span style=\"color: #000000;\"><span style=\"font-size: 15px;\"><b>Charliton Machado<\/b><\/span><\/span><\/p><p><span style=\"color: #808080;\"><span style=\"font-size: 15px;\">Professor Titular do Departamento de Metodologia da Educa\u00e7\u00e3o\/DME, Universidade Federal da Para\u00edba &#8211; UFPB\/ Brasil<\/span><\/span><span style=\"font-size: 15px; color: #808080;\">\u00a0<\/span><\/p><hr style=\"background-color: #ffffff;\" \/><p><a style=\"font-size: 15px;\" href=\"https:\/\/orcid.org\/0000-0002-4768-8725\" target=\"_blank\" rel=\"noopener\">ORCID<\/a><\/p><p><a style=\"font-size: 15px;\" href=\"http:\/\/lattes.cnpq.br\/2036729143677618\" target=\"_blank\" rel=\"noopener\">Curr\u00edculo LATES<\/a><\/p><hr style=\"background-color: #ffffff;\" \/><p><span style=\"font-weight: normal; font-size: 15px; color: #ec008b;\"><a style=\"font-size: 15px; color: #ec008b;\" href=\"mailto:charlitonlara@yahoo.com.br\" target=\"_blank\" rel=\"noopener\">charlitonlara@yahoo.com.br<\/a><\/span><\/p>\t\t\t\t\t\t\t\t<\/div>\n\t\t\t\t<\/div>\n\t\t\t\t\t<\/div>\n\t\t<\/div>\n\t\t\t\t\t<\/div>\n\t\t<\/section>\n\t\t\t\t\t<\/div>\n\t\t<\/div>\n\t\t\t\t<div class=\"elementor-column elementor-col-33 elementor-top-column elementor-element elementor-element-eabe3dc\" data-id=\"eabe3dc\" data-element_type=\"column\" data-e-type=\"column\">\n\t\t\t<div class=\"elementor-widget-wrap elementor-element-populated\">\n\t\t\t\t\t\t<div class=\"elementor-element elementor-element-dc9052f elementor-widget elementor-widget-image\" data-id=\"dc9052f\" data-element_type=\"widget\" data-e-type=\"widget\" data-widget_type=\"image.default\">\n\t\t\t\t<div class=\"elementor-widget-container\">\n\t\t\t\t\t\t\t\t\t\t\t\t\t\t\t<img decoding=\"async\" width=\"150\" height=\"150\" src=\"https:\/\/cead.ualg.pt\/site\/wp-content\/uploads\/sites\/4\/2020\/11\/PB_EduardoSilva-150x150.jpg\" class=\"attachment-thumbnail size-thumbnail wp-image-30475\" alt=\"\" srcset=\"https:\/\/cead.ualg.pt\/site\/wp-content\/uploads\/sites\/4\/2020\/11\/PB_EduardoSilva-150x150.jpg 150w, https:\/\/cead.ualg.pt\/site\/wp-content\/uploads\/sites\/4\/2020\/11\/PB_EduardoSilva-300x300.jpg 300w, https:\/\/cead.ualg.pt\/site\/wp-content\/uploads\/sites\/4\/2020\/11\/PB_EduardoSilva-500x500.jpg 500w, https:\/\/cead.ualg.pt\/site\/wp-content\/uploads\/sites\/4\/2020\/11\/PB_EduardoSilva.jpg 567w\" sizes=\"(max-width: 150px) 100vw, 150px\" \/>\t\t\t\t\t\t\t\t\t\t\t\t\t\t\t<\/div>\n\t\t\t\t<\/div>\n\t\t\t\t<section class=\"elementor-section elementor-inner-section elementor-element elementor-element-a342da0 elementor-section-content-bottom elementor-section-boxed elementor-section-height-default elementor-section-height-default neuron-fixed-no\" data-id=\"a342da0\" data-element_type=\"section\" data-e-type=\"section\">\n\t\t\t\t\t\t<div class=\"elementor-container elementor-column-gap-no\">\n\t\t\t\t\t<div class=\"elementor-column elementor-col-100 elementor-inner-column elementor-element elementor-element-8129196\" data-id=\"8129196\" data-element_type=\"column\" data-e-type=\"column\">\n\t\t\t<div class=\"elementor-widget-wrap elementor-element-populated\">\n\t\t\t\t\t\t<div class=\"elementor-element elementor-element-d86e23f elementor-widget elementor-widget-text-editor\" data-id=\"d86e23f\" data-element_type=\"widget\" data-e-type=\"widget\" data-widget_type=\"text-editor.default\">\n\t\t\t\t<div class=\"elementor-widget-container\">\n\t\t\t\t\t\t\t\t\t<p><span style=\"color: #000000;\"><span style=\"font-size: 15px;\"><b>Eduardo Silva<\/b><\/span><\/span><\/p><p><span style=\"color: #808080;\"><span style=\"font-size: 15px;\">Professor Associado do Centro de Educa\u00e7\u00e3o\/Departamento de Fundamenta\u00e7\u00e3o da Educa\u00e7\u00e3o, Universidade Federal da Para\u00edba, Brasil<\/span><\/span><span style=\"font-size: 15px; color: #808080;\">\u00a0<\/span><\/p><hr style=\"background-color: #ffffff;\" \/><p><a style=\"font-size: 15px;\" href=\"https:\/\/orcid.org\/0000-0002-5402-8880\" target=\"_blank\" rel=\"noopener\">ORCID<\/a><\/p><p><a style=\"font-size: 15px;\" href=\"http:\/\/lattes.cnpq.br\/5742801412761879\" target=\"_blank\" rel=\"noopener\">Curr\u00edculo LATES<\/a><\/p><hr style=\"background-color: #ffffff;\" \/><p><span style=\"font-weight: normal; font-size: 15px; color: #ec008b;\"><a style=\"font-size: 15px; color: #ec008b;\" href=\"mailto:eduardojorgels@gmail.com\" target=\"_blank\" rel=\"noopener\">eduardojorgels@gmail.com<\/a><\/span><\/p>\t\t\t\t\t\t\t\t<\/div>\n\t\t\t\t<\/div>\n\t\t\t\t\t<\/div>\n\t\t<\/div>\n\t\t\t\t\t<\/div>\n\t\t<\/section>\n\t\t\t\t\t<\/div>\n\t\t<\/div>\n\t\t\t\t<div class=\"elementor-column elementor-col-33 elementor-top-column elementor-element elementor-element-910b89b\" data-id=\"910b89b\" data-element_type=\"column\" data-e-type=\"column\">\n\t\t\t<div class=\"elementor-widget-wrap elementor-element-populated\">\n\t\t\t\t\t\t<div class=\"elementor-element elementor-element-ca79795 elementor-widget elementor-widget-image\" data-id=\"ca79795\" data-element_type=\"widget\" data-e-type=\"widget\" data-widget_type=\"image.default\">\n\t\t\t\t<div class=\"elementor-widget-container\">\n\t\t\t\t\t\t\t\t\t\t\t\t\t\t\t<img decoding=\"async\" width=\"150\" height=\"150\" src=\"https:\/\/cead.ualg.pt\/site\/wp-content\/uploads\/sites\/4\/2020\/11\/PB_MarcosBarros-150x150.jpg\" class=\"attachment-thumbnail size-thumbnail wp-image-30476\" alt=\"\" srcset=\"https:\/\/cead.ualg.pt\/site\/wp-content\/uploads\/sites\/4\/2020\/11\/PB_MarcosBarros-150x150.jpg 150w, https:\/\/cead.ualg.pt\/site\/wp-content\/uploads\/sites\/4\/2020\/11\/PB_MarcosBarros-300x300.jpg 300w, https:\/\/cead.ualg.pt\/site\/wp-content\/uploads\/sites\/4\/2020\/11\/PB_MarcosBarros-500x500.jpg 500w, https:\/\/cead.ualg.pt\/site\/wp-content\/uploads\/sites\/4\/2020\/11\/PB_MarcosBarros.jpg 567w\" sizes=\"(max-width: 150px) 100vw, 150px\" \/>\t\t\t\t\t\t\t\t\t\t\t\t\t\t\t<\/div>\n\t\t\t\t<\/div>\n\t\t\t\t<section class=\"elementor-section elementor-inner-section elementor-element elementor-element-d9eecc3 elementor-section-content-bottom elementor-section-boxed elementor-section-height-default elementor-section-height-default neuron-fixed-no\" data-id=\"d9eecc3\" data-element_type=\"section\" data-e-type=\"section\">\n\t\t\t\t\t\t<div class=\"elementor-container elementor-column-gap-no\">\n\t\t\t\t\t<div class=\"elementor-column elementor-col-100 elementor-inner-column elementor-element elementor-element-5a4c709\" data-id=\"5a4c709\" data-element_type=\"column\" data-e-type=\"column\">\n\t\t\t<div class=\"elementor-widget-wrap elementor-element-populated\">\n\t\t\t\t\t\t<div class=\"elementor-element elementor-element-19d24e1 elementor-widget elementor-widget-text-editor\" data-id=\"19d24e1\" data-element_type=\"widget\" data-e-type=\"widget\" data-widget_type=\"text-editor.default\">\n\t\t\t\t<div class=\"elementor-widget-container\">\n\t\t\t\t\t\t\t\t\t<p><span style=\"color: #000000;\"><span style=\"font-size: 15px;\"><b>Marcos Barros<\/b><\/span><\/span><\/p><p><span style=\"color: #808080;\"><span style=\"font-size: 15px;\">Professor Adjunto II do Departamento de M\u00e9todos e T\u00e9cnicas de Ensino &#8211; Centro de Educa\u00e7\u00e3o &#8211; Universidade Federal de Pernambuco (UFPE), Brasil<\/span><\/span><\/p><hr style=\"background-color: #ffffff;\" \/><p><a style=\"font-size: 15px;\" href=\"https:\/\/orcid.org\/0000-0002-2176-7628\" target=\"_blank\" rel=\"noopener\">ORCID<\/a><\/p><p><a style=\"font-size: 15px;\" href=\"https:\/\/www.researchgate.net\/profile\/Marcos_De_Melo_Barros\" target=\"_blank\" rel=\"noopener\">ResearchGate<\/a><\/p><p><a style=\"font-size: 15px;\" href=\"http:\/\/lattes.cnpq.br\/8046533153531261\" target=\"_blank\" rel=\"noopener\">Curr\u00edculo LATES<\/a><\/p><hr style=\"background-color: #ffffff;\" \/><p><span style=\"font-weight: normal; font-size: 15px; color: #ec008b;\"><a style=\"font-size: 15px; color: #ec008b;\" href=\"mailto:marcos.ambarros@ufpe.br\" target=\"_blank\" rel=\"noopener\">marcos.ambarros@ufpe.br<\/a><\/span><\/p>\t\t\t\t\t\t\t\t<\/div>\n\t\t\t\t<\/div>\n\t\t\t\t\t<\/div>\n\t\t<\/div>\n\t\t\t\t\t<\/div>\n\t\t<\/section>\n\t\t\t\t\t<\/div>\n\t\t<\/div>\n\t\t\t\t\t<\/div>\n\t\t<\/section>\n\t\t\t\t<section class=\"elementor-section elementor-top-section elementor-element elementor-element-fca243a elementor-section-content-bottom elementor-section-boxed elementor-section-height-default elementor-section-height-default neuron-fixed-no\" data-id=\"fca243a\" data-element_type=\"section\" data-e-type=\"section\">\n\t\t\t\t\t\t<div class=\"elementor-container elementor-column-gap-default\">\n\t\t\t\t\t<div class=\"elementor-column elementor-col-33 elementor-top-column elementor-element elementor-element-037171b\" data-id=\"037171b\" data-element_type=\"column\" data-e-type=\"column\">\n\t\t\t<div class=\"elementor-widget-wrap elementor-element-populated\">\n\t\t\t\t\t\t<div class=\"elementor-element elementor-element-af669ce elementor-widget elementor-widget-image\" data-id=\"af669ce\" data-element_type=\"widget\" data-e-type=\"widget\" data-widget_type=\"image.default\">\n\t\t\t\t<div class=\"elementor-widget-container\">\n\t\t\t\t\t\t\t\t\t\t\t\t\t\t\t<img loading=\"lazy\" decoding=\"async\" width=\"150\" height=\"150\" src=\"https:\/\/cead.ualg.pt\/site\/wp-content\/uploads\/sites\/4\/2020\/11\/PB_VeronicaSevillanoMonje-150x150.jpg\" class=\"attachment-thumbnail size-thumbnail wp-image-30477\" alt=\"\" srcset=\"https:\/\/cead.ualg.pt\/site\/wp-content\/uploads\/sites\/4\/2020\/11\/PB_VeronicaSevillanoMonje-150x150.jpg 150w, https:\/\/cead.ualg.pt\/site\/wp-content\/uploads\/sites\/4\/2020\/11\/PB_VeronicaSevillanoMonje-300x300.jpg 300w, https:\/\/cead.ualg.pt\/site\/wp-content\/uploads\/sites\/4\/2020\/11\/PB_VeronicaSevillanoMonje-500x500.jpg 500w, https:\/\/cead.ualg.pt\/site\/wp-content\/uploads\/sites\/4\/2020\/11\/PB_VeronicaSevillanoMonje.jpg 567w\" sizes=\"(max-width: 150px) 100vw, 150px\" \/>\t\t\t\t\t\t\t\t\t\t\t\t\t\t\t<\/div>\n\t\t\t\t<\/div>\n\t\t\t\t<section class=\"elementor-section elementor-inner-section elementor-element elementor-element-51fbf5f elementor-section-content-bottom elementor-section-boxed elementor-section-height-default elementor-section-height-default neuron-fixed-no\" data-id=\"51fbf5f\" data-element_type=\"section\" data-e-type=\"section\">\n\t\t\t\t\t\t<div class=\"elementor-container elementor-column-gap-no\">\n\t\t\t\t\t<div class=\"elementor-column elementor-col-100 elementor-inner-column elementor-element elementor-element-140825d\" data-id=\"140825d\" data-element_type=\"column\" data-e-type=\"column\">\n\t\t\t<div class=\"elementor-widget-wrap elementor-element-populated\">\n\t\t\t\t\t\t<div class=\"elementor-element elementor-element-ba083ff elementor-widget elementor-widget-text-editor\" data-id=\"ba083ff\" data-element_type=\"widget\" data-e-type=\"widget\" data-widget_type=\"text-editor.default\">\n\t\t\t\t<div class=\"elementor-widget-container\">\n\t\t\t\t\t\t\t\t\t<p><span style=\"color: #000000;\"><span style=\"font-size: 15px;\"><b>Ver\u00f3nica Sevillano-Monje<\/b><\/span><\/span><\/p><p><span style=\"color: #808080;\"><span style=\"font-size: 15px;\">Estudante de Doutoramento, Departamento de Teor\u00eda e Historia de la Educaci\u00f3n y Pedagog\u00eda Social, Universidad de Sevilla, Espa\u00f1a<\/span><\/span><span style=\"font-size: 15px; color: #808080;\">\u00a0<\/span><\/p><hr style=\"background-color: #ffffff;\" \/><p><a style=\"font-size: 15px;\" href=\"https:\/\/orcid.org\/0000-0002-1533-5829\" target=\"_blank\" rel=\"noopener\">ORCID<\/a><\/p><p><a style=\"font-size: 15px;\" href=\"https:\/\/www.researchgate.net\/profile\/Veronica_Sevillano-Monje\" target=\"_blank\" rel=\"noopener\">ResearchGate<\/a><\/p><hr style=\"background-color: #ffffff;\" \/><p><span style=\"font-weight: normal; font-size: 15px; color: #ec008b;\"><a style=\"font-size: 15px; color: #ec008b;\" href=\"mailto:vsevillano@us.es\" target=\"_blank\" rel=\"noopener\">vsevillano@us.es<\/a><\/span><\/p>\t\t\t\t\t\t\t\t<\/div>\n\t\t\t\t<\/div>\n\t\t\t\t\t<\/div>\n\t\t<\/div>\n\t\t\t\t\t<\/div>\n\t\t<\/section>\n\t\t\t\t\t<\/div>\n\t\t<\/div>\n\t\t\t\t<div class=\"elementor-column elementor-col-33 elementor-top-column elementor-element elementor-element-3b67cb8\" data-id=\"3b67cb8\" data-element_type=\"column\" data-e-type=\"column\">\n\t\t\t<div class=\"elementor-widget-wrap\">\n\t\t\t\t\t\t\t<\/div>\n\t\t<\/div>\n\t\t\t\t<div class=\"elementor-column elementor-col-33 elementor-top-column elementor-element elementor-element-dafbe47\" data-id=\"dafbe47\" data-element_type=\"column\" data-e-type=\"column\">\n\t\t\t<div class=\"elementor-widget-wrap\">\n\t\t\t\t\t\t\t<\/div>\n\t\t<\/div>\n\t\t\t\t\t<\/div>\n\t\t<\/section>\n\t\t\t\t<\/div>","protected":false},"excerpt":{"rendered":"<p>&lt; investigadores investigadores convidados Charliton Machado Professor Titular do Departamento de Metodologia da Educa\u00e7\u00e3o\/DME, Universidade Federal da Para\u00edba&#8230;<\/p>","protected":false},"author":2,"featured_media":0,"parent":0,"menu_order":0,"comment_status":"closed","ping_status":"closed","template":"","meta":{"_acf_changed":false,"footnotes":""},"class_list":["post-29803","page","type-page","status-publish","hentry"],"acf":[],"_links":{"self":[{"href":"https:\/\/cead.ualg.pt\/site\/en\/wp-json\/wp\/v2\/pages\/29803","targetHints":{"allow":["GET"]}}],"collection":[{"href":"https:\/\/cead.ualg.pt\/site\/en\/wp-json\/wp\/v2\/pages"}],"about":[{"href":"https:\/\/cead.ualg.pt\/site\/en\/wp-json\/wp\/v2\/types\/page"}],"author":[{"embeddable":true,"href":"https:\/\/cead.ualg.pt\/site\/en\/wp-json\/wp\/v2\/users\/2"}],"replies":[{"embeddable":true,"href":"https:\/\/cead.ualg.pt\/site\/en\/wp-json\/wp\/v2\/comments?post=29803"}],"version-history":[{"count":22,"href":"https:\/\/cead.ualg.pt\/site\/en\/wp-json\/wp\/v2\/pages\/29803\/revisions"}],"predecessor-version":[{"id":31127,"href":"https:\/\/cead.ualg.pt\/site\/en\/wp-json\/wp\/v2\/pages\/29803\/revisions\/31127"}],"wp:attachment":[{"href":"https:\/\/cead.ualg.pt\/site\/en\/wp-json\/wp\/v2\/media?parent=29803"}],"curies":[{"name":"wp","href":"https:\/\/api.w.org\/{rel}","templated":true}]}}